{"id":11660,"date":"2023-11-24T12:19:13","date_gmt":"2023-11-24T12:19:13","guid":{"rendered":"https:\/\/www.jfortunyfabregas.com\/la-terra\/el-vinedo-del-pla-del-penedes\/"},"modified":"2023-12-18T12:11:14","modified_gmt":"2023-12-18T11:11:14","slug":"la-vinya-del-pla-del-penedes","status":"publish","type":"page","link":"https:\/\/www.jfortunyfabregas.com\/ca\/la-terra\/la-vinya-del-pla-del-penedes\/","title":{"rendered":"La vinya del Pla del Pened\u00e8s"},"content":{"rendered":"\t\t<div data-elementor-type=\"wp-page\" data-elementor-id=\"11660\" class=\"elementor elementor-11660 elementor-8683\" data-elementor-post-type=\"page\">\n\t\t\t\t\t\t<section class=\"elementor-section elementor-top-section elementor-element elementor-element-49a9c25 elementor-section-stretched elementor-section-boxed elementor-section-height-default elementor-section-height-default\" data-id=\"49a9c25\" data-element_type=\"section\" data-settings=\"{&quot;stretch_section&quot;:&quot;section-stretched&quot;}\">\n\t\t\t\t\t\t<div class=\"elementor-container elementor-column-gap-default\">\n\t\t\t\t\t<div class=\"elementor-column elementor-col-100 elementor-top-column elementor-element elementor-element-59e4b590\" data-id=\"59e4b590\" data-element_type=\"column\" data-settings=\"{&quot;background_background&quot;:&quot;classic&quot;}\">\n\t\t\t<div class=\"elementor-widget-wrap elementor-element-populated\">\n\t\t\t\t\t\t<div class=\"elementor-element elementor-element-14528110 elementor-widget elementor-widget-image\" data-id=\"14528110\" data-element_type=\"widget\" data-widget_type=\"image.default\">\n\t\t\t\t<div class=\"elementor-widget-container\">\n\t\t\t\t\t\t\t\t\t\t\t\t\t\t\t<img fetchpriority=\"high\" decoding=\"async\" width=\"1022\" height=\"509\" src=\"https:\/\/www.jfortunyfabregas.com\/wp-content\/uploads\/2023\/12\/el_vinedo_pla_del_penedes.png\" class=\"attachment-full size-full wp-image-9673\" alt=\"\" srcset=\"https:\/\/www.jfortunyfabregas.com\/wp-content\/uploads\/2023\/12\/el_vinedo_pla_del_penedes.png 1022w, https:\/\/www.jfortunyfabregas.com\/wp-content\/uploads\/2023\/12\/el_vinedo_pla_del_penedes-500x249.png 500w, https:\/\/www.jfortunyfabregas.com\/wp-content\/uploads\/2023\/12\/el_vinedo_pla_del_penedes-300x149.png 300w, https:\/\/www.jfortunyfabregas.com\/wp-content\/uploads\/2023\/12\/el_vinedo_pla_del_penedes-768x382.png 768w, https:\/\/www.jfortunyfabregas.com\/wp-content\/uploads\/2023\/12\/el_vinedo_pla_del_penedes-700x349.png 700w\" sizes=\"(max-width: 1022px) 100vw, 1022px\" \/>\t\t\t\t\t\t\t\t\t\t\t\t\t\t\t<\/div>\n\t\t\t\t<\/div>\n\t\t\t\t\t<\/div>\n\t\t<\/div>\n\t\t\t\t\t<\/div>\n\t\t<\/section>\n\t\t\t\t<section class=\"elementor-section elementor-top-section elementor-element elementor-element-62f7f1 elementor-section-boxed elementor-section-height-default elementor-section-height-default\" data-id=\"62f7f1\" data-element_type=\"section\">\n\t\t\t\t\t\t<div class=\"elementor-container elementor-column-gap-default\">\n\t\t\t\t\t<div class=\"elementor-column elementor-col-100 elementor-top-column elementor-element elementor-element-183b1a83\" data-id=\"183b1a83\" data-element_type=\"column\">\n\t\t\t<div class=\"elementor-widget-wrap elementor-element-populated\">\n\t\t\t\t\t\t<div class=\"elementor-element elementor-element-19becb55 elementor-widget elementor-widget-heading\" data-id=\"19becb55\" data-element_type=\"widget\" data-widget_type=\"heading.default\">\n\t\t\t\t<div class=\"elementor-widget-container\">\n\t\t\t\t\t<h2 class=\"elementor-heading-title elementor-size-default\">La vinya del Pla del Pened\u00e8s<\/h2>\t\t\t\t<\/div>\n\t\t\t\t<\/div>\n\t\t\t\t\t<\/div>\n\t\t<\/div>\n\t\t\t\t\t<\/div>\n\t\t<\/section>\n\t\t\t\t<section class=\"elementor-section elementor-top-section elementor-element elementor-element-2031ca1d elementor-section-stretched elementor-section-boxed elementor-section-height-default elementor-section-height-default\" data-id=\"2031ca1d\" data-element_type=\"section\" data-settings=\"{&quot;stretch_section&quot;:&quot;section-stretched&quot;,&quot;background_background&quot;:&quot;classic&quot;}\">\n\t\t\t\t\t\t\t<div class=\"elementor-background-overlay\"><\/div>\n\t\t\t\t\t\t\t<div class=\"elementor-container elementor-column-gap-default\">\n\t\t\t\t\t<div class=\"elementor-column elementor-col-100 elementor-top-column elementor-element elementor-element-200a612c\" data-id=\"200a612c\" data-element_type=\"column\">\n\t\t\t<div class=\"elementor-widget-wrap elementor-element-populated\">\n\t\t\t\t\t\t<div class=\"elementor-element elementor-element-54cc2ee0 elementor-widget elementor-widget-text-editor\" data-id=\"54cc2ee0\" data-element_type=\"widget\" data-widget_type=\"text-editor.default\">\n\t\t\t\t<div class=\"elementor-widget-container\">\n\t\t\t\t\t        <div class=\"elementor-text-editor elementor-clearfix\"><ul>\n<li><strong><u>Situaci\u00f3<\/u><\/strong>: Alt Pened\u00e8s.<\/li>\n<li><strong><u>Coordenades<\/u><\/strong>: 41o24 \u2018 50.70 \u201cN, 1o43 \u2018 0.83 \u2018 E<\/li>\n<li><strong><u>Altura<\/u><\/strong>: 215 \u2013 225 metres<\/li>\n<li><strong><u>Estructura del s\u00f2l<\/u><\/strong>: S\u00e8rie VENDRELL. Terres molt ben drenades, profundes, textura mitjana. Calcisol Endop\u00e9trico.<\/li>\n<li><strong><u>Climatologia<\/u><\/strong>: Clima mediterrani.<\/li>\n<li><strong><u>T\u00ba Mitjana anual<\/u><\/strong>: M\u00e0xim 21.3\u00b0, m\u00ednim 10.2\u00b0, faig una mitjana de 15.4\u00b0.<\/li>\n<li><strong><u>Humitat Mitjana anual<\/u><\/strong>: 64,79<\/li>\n<li><strong><u>Radiaci\u00f3 mitjana anual<\/u><\/strong>: 7,65 h.<\/li>\n<li><strong><u>Pluviometria<\/u><\/strong>: 841 mm.<\/li>\n<li><strong><u>Entorn edafol\u00f2gic<\/u><\/strong>: Terres molt aptes per a vinyes. Fauna variada i insectes. Entorn compensat.<\/li>\n<li><strong><u>Varietats<\/u><\/strong>: Macabeu, Macabeo Vell, Xarel\u00b7lo, Xarel\u00b7lo Vell, Pinot Noir i Malvasia de Sitges (nova plantaci\u00f3).<\/li>\n<li><strong><u>Dades caracter\u00edstiques<\/u><\/strong>: Enmig del Pened\u00e8s. Terres molt drenades, compensades i amb humitat en profunditat que fa que els ceps mantinguin el vigor, encara que faci molta calor.<\/li>\n<\/ul>\n<\/div>\n        \t\t\t\t<\/div>\n\t\t\t\t<\/div>\n\t\t\t\t\t<\/div>\n\t\t<\/div>\n\t\t\t\t\t<\/div>\n\t\t<\/section>\n\t\t\t\t<section class=\"elementor-section elementor-top-section elementor-element elementor-element-458ed274 elementor-section-stretched elementor-reverse-tablet elementor-reverse-mobile elementor-section-boxed elementor-section-height-default elementor-section-height-default\" data-id=\"458ed274\" data-element_type=\"section\" data-settings=\"{&quot;stretch_section&quot;:&quot;section-stretched&quot;}\">\n\t\t\t\t\t\t<div class=\"elementor-container elementor-column-gap-default\">\n\t\t\t\t\t<div class=\"elementor-column elementor-col-50 elementor-top-column elementor-element elementor-element-339051a7\" data-id=\"339051a7\" data-element_type=\"column\">\n\t\t\t<div class=\"elementor-widget-wrap elementor-element-populated\">\n\t\t\t\t\t\t<div class=\"elementor-element elementor-element-4deced09 elementor-widget elementor-widget-text-editor\" data-id=\"4deced09\" data-element_type=\"widget\" data-widget_type=\"text-editor.default\">\n\t\t\t\t<div class=\"elementor-widget-container\">\n\t\t\t\t\t        <div class=\"elementor-text-editor elementor-clearfix\"><p>\n            <b>L&#8217;epicentre de la nostra activitat \u00e9s el Pla del Pened\u00e8s. <\/b>\n          <\/p>\n<p>En plena depressi\u00f3 i molt prop de la serralada pre litoral, la plana on tenim les vinyes est\u00e0 limitada pel nord i pel sud per dos torrents que aporten la humitat necess\u00e0ria per l&#8217;\u00f2ptim cultiu de la vinya. Aqu\u00ed tenim <b>25 hect\u00e0rees de vinyes<\/b> amb terres sanejades, molt drenades i amb una temperatura mitjana moderada. Uns s\u00f2ls molt bons, estables i la situaci\u00f3 privilegiada ens permeten potenciar la qualitat de cada varietat de ra\u00efm plantat.<\/p>\n<p>En aquest lloc tenim plantat <b>la vinya de Xarel\u00b7lo vell dels Julies. Vinya amb 66 anys<\/b>. Treballada i molt acaronada, est\u00e0 condu\u00efda en got. D&#8217;aquesta vinya surt el nostre Blanc de Mayte, el primer vi i la guia cap a l&#8217;excel\u00b7l\u00e8ncia. Molt a prop trobem la vinya centen\u00e0ria de macabeu, la Vinya Gran, plantada just despr\u00e9s de la filoxera. <\/p>\n<p><b>Realment no tenim un registre exacte per\u00f2 el meu avi, Juan Fortuny F\u00e0bregas ja ens deia que ell jugava de petit en aquesta vinya i ara tindria 112 anys.<\/b> Aquesta vinya vella ens aporta un ra\u00efm excepcional, complex, afruitat, amb uns aromes especials i molta pot\u00e8ncia. D&#8217;aquesta vinya surt el nostre mono varietal de Macabeu i una part del macabeu utilitzat per a fer els caves. Tamb\u00e9 tenim el futur del cava rosat. <\/p>\n<p>Una <b>parcel\u00b7la de Pinot Noir<\/b>, fresca, arom\u00e0tica, amb una bona aportaci\u00f3 t\u00e0nica i que en dos o tres anys esperem que hagi aconseguit la qualitat que demanem per a un bon cava rosat.<\/p>\n<\/div>\n        \t\t\t\t<\/div>\n\t\t\t\t<\/div>\n\t\t\t\t\t<\/div>\n\t\t<\/div>\n\t\t\t\t<div class=\"elementor-column elementor-col-50 elementor-top-column elementor-element elementor-element-5125e693\" data-id=\"5125e693\" data-element_type=\"column\" data-settings=\"{&quot;background_background&quot;:&quot;classic&quot;}\">\n\t\t\t<div class=\"elementor-widget-wrap elementor-element-populated\">\n\t\t\t\t\t\t<div class=\"elementor-element elementor-element-5cc44f8b elementor-widget elementor-widget-image\" data-id=\"5cc44f8b\" data-element_type=\"widget\" data-widget_type=\"image.default\">\n\t\t\t\t<div class=\"elementor-widget-container\">\n\t\t\t\t\t\t\t\t\t\t\t\t\t\t\t<img decoding=\"async\" width=\"600\" height=\"506\" src=\"https:\/\/www.jfortunyfabregas.com\/wp-content\/uploads\/2020\/07\/vinya-el-pla-01-min.jpg\" class=\"attachment-large size-large wp-image-6602\" alt=\"\" srcset=\"https:\/\/www.jfortunyfabregas.com\/wp-content\/uploads\/2020\/07\/vinya-el-pla-01-min.jpg 867w, https:\/\/www.jfortunyfabregas.com\/wp-content\/uploads\/2020\/07\/vinya-el-pla-01-min-500x422.jpg 500w, https:\/\/www.jfortunyfabregas.com\/wp-content\/uploads\/2020\/07\/vinya-el-pla-01-min-300x253.jpg 300w, https:\/\/www.jfortunyfabregas.com\/wp-content\/uploads\/2020\/07\/vinya-el-pla-01-min-768x648.jpg 768w, https:\/\/www.jfortunyfabregas.com\/wp-content\/uploads\/2020\/07\/vinya-el-pla-01-min-700x590.jpg 700w, https:\/\/www.jfortunyfabregas.com\/wp-content\/uploads\/2020\/07\/vinya-el-pla-01-min-105x89.jpg 105w\" sizes=\"(max-width: 600px) 100vw, 600px\" \/>\t\t\t\t\t\t\t\t\t\t\t\t\t\t\t<\/div>\n\t\t\t\t<\/div>\n\t\t\t\t\t<\/div>\n\t\t<\/div>\n\t\t\t\t\t<\/div>\n\t\t<\/section>\n\t\t\t\t<section class=\"elementor-section elementor-top-section elementor-element elementor-element-e95d323 elementor-section-full_width elementor-section-stretched elementor-section-height-default elementor-section-height-default\" data-id=\"e95d323\" data-element_type=\"section\" data-settings=\"{&quot;stretch_section&quot;:&quot;section-stretched&quot;,&quot;background_background&quot;:&quot;classic&quot;}\">\n\t\t\t\t\t\t<div class=\"elementor-container elementor-column-gap-default\">\n\t\t\t\t\t<div class=\"elementor-column elementor-col-100 elementor-top-column elementor-element elementor-element-6c56c0e0\" data-id=\"6c56c0e0\" data-element_type=\"column\">\n\t\t\t<div class=\"elementor-widget-wrap elementor-element-populated\">\n\t\t\t\t\t\t<section class=\"elementor-section elementor-inner-section elementor-element elementor-element-33f84540 elementor-section-boxed elementor-section-height-default elementor-section-height-default\" data-id=\"33f84540\" data-element_type=\"section\">\n\t\t\t\t\t\t<div class=\"elementor-container elementor-column-gap-default\">\n\t\t\t\t\t<div class=\"elementor-column elementor-col-100 elementor-inner-column elementor-element elementor-element-8ed9675\" data-id=\"8ed9675\" data-element_type=\"column\">\n\t\t\t<div class=\"elementor-widget-wrap elementor-element-populated\">\n\t\t\t\t\t\t<div class=\"elementor-element elementor-element-3a9c7834 elementor-widget elementor-widget-heading\" data-id=\"3a9c7834\" data-element_type=\"widget\" data-widget_type=\"heading.default\">\n\t\t\t\t<div class=\"elementor-widget-container\">\n\t\t\t\t\t<h4 class=\"elementor-heading-title elementor-size-default\">En aquest lloc tenim plantat la vinya de Xarel\u00b7lo vell dels Julies. Vinya amb 66 anys. Treballada i molt acaronada, est\u00e0 condu\u00efda en got. D'aquesta vinya surt el nostre Blanc de Mayte, el primer vi i la guia cap a l'excel\u00b7l\u00e8ncia. <\/h4>\t\t\t\t<\/div>\n\t\t\t\t<\/div>\n\t\t\t\t\t<\/div>\n\t\t<\/div>\n\t\t\t\t\t<\/div>\n\t\t<\/section>\n\t\t\t\t\t<\/div>\n\t\t<\/div>\n\t\t\t\t\t<\/div>\n\t\t<\/section>\n\t\t\t\t<section class=\"elementor-section elementor-top-section elementor-element elementor-element-299a42b elementor-section-full_width elementor-section-stretched elementor-section-height-default elementor-section-height-default\" data-id=\"299a42b\" data-element_type=\"section\" data-settings=\"{&quot;stretch_section&quot;:&quot;section-stretched&quot;}\">\n\t\t\t\t\t\t<div class=\"elementor-container elementor-column-gap-default\">\n\t\t\t\t\t<div class=\"elementor-column elementor-col-100 elementor-top-column elementor-element elementor-element-caf130a\" data-id=\"caf130a\" data-element_type=\"column\">\n\t\t\t<div class=\"elementor-widget-wrap elementor-element-populated\">\n\t\t\t\t\t\t<div class=\"elementor-element elementor-element-a5ac7c2 elementor-widget elementor-widget-image\" data-id=\"a5ac7c2\" data-element_type=\"widget\" data-widget_type=\"image.default\">\n\t\t\t\t<div class=\"elementor-widget-container\">\n\t\t\t\t\t\t\t\t\t\t\t\t\t\t\t<img decoding=\"async\" width=\"1693\" height=\"812\" src=\"https:\/\/www.jfortunyfabregas.com\/wp-content\/uploads\/2020\/07\/vinya-el-pla-02-min.jpg\" class=\"attachment-full size-full wp-image-6605\" alt=\"\" srcset=\"https:\/\/www.jfortunyfabregas.com\/wp-content\/uploads\/2020\/07\/vinya-el-pla-02-min.jpg 1693w, https:\/\/www.jfortunyfabregas.com\/wp-content\/uploads\/2020\/07\/vinya-el-pla-02-min-500x240.jpg 500w, https:\/\/www.jfortunyfabregas.com\/wp-content\/uploads\/2020\/07\/vinya-el-pla-02-min-300x144.jpg 300w, https:\/\/www.jfortunyfabregas.com\/wp-content\/uploads\/2020\/07\/vinya-el-pla-02-min-1024x491.jpg 1024w, https:\/\/www.jfortunyfabregas.com\/wp-content\/uploads\/2020\/07\/vinya-el-pla-02-min-768x368.jpg 768w, https:\/\/www.jfortunyfabregas.com\/wp-content\/uploads\/2020\/07\/vinya-el-pla-02-min-1536x737.jpg 1536w, https:\/\/www.jfortunyfabregas.com\/wp-content\/uploads\/2020\/07\/vinya-el-pla-02-min-700x336.jpg 700w, https:\/\/www.jfortunyfabregas.com\/wp-content\/uploads\/2020\/07\/vinya-el-pla-02-min-105x50.jpg 105w\" sizes=\"(max-width: 1693px) 100vw, 1693px\" \/>\t\t\t\t\t\t\t\t\t\t\t\t\t\t\t<\/div>\n\t\t\t\t<\/div>\n\t\t\t\t\t<\/div>\n\t\t<\/div>\n\t\t\t\t\t<\/div>\n\t\t<\/section>\n\t\t\t\t<\/div>\n\t\t","protected":false},"excerpt":{"rendered":"<p>La vinya del Pla del Pened\u00e8s Situaci\u00f3: Alt Pened\u00e8s. Coordenades: 41o24 \u2018 50.70 \u201cN, 1o43 \u2018 0.83 \u2018 E Altura: 215 \u2013 225 metres Estructura del s\u00f2l: S\u00e8rie VENDRELL. Terres molt ben drenades, profundes, textura mitjana. Calcisol Endop\u00e9trico. Climatologia: Clima mediterrani. T\u00ba Mitjana anual: M\u00e0xim 21.3\u00b0, m\u00ednim 10.2\u00b0, faig una mitjana de 15.4\u00b0. Humitat Mitjana &hellip; <\/p>\n<p class=\"link-more\"><a href=\"https:\/\/www.jfortunyfabregas.com\/ca\/la-terra\/la-vinya-del-pla-del-penedes\/\" class=\"more-link\">Read More <span class=\"screen-reader-text\"> &#8220;La vinya del Pla del Pened\u00e8s&#8221;<\/span><\/a><\/p>\n","protected":false},"author":99,"featured_media":0,"parent":11592,"menu_order":0,"comment_status":"closed","ping_status":"closed","template":"","meta":{"_eb_attr":"","footnotes":""},"class_list":["post-11660","page","type-page","status-publish","hentry"],"_links":{"self":[{"href":"https:\/\/www.jfortunyfabregas.com\/ca\/wp-json\/wp\/v2\/pages\/11660","targetHints":{"allow":["GET"]}}],"collection":[{"href":"https:\/\/www.jfortunyfabregas.com\/ca\/wp-json\/wp\/v2\/pages"}],"about":[{"href":"https:\/\/www.jfortunyfabregas.com\/ca\/wp-json\/wp\/v2\/types\/page"}],"author":[{"embeddable":true,"href":"https:\/\/www.jfortunyfabregas.com\/ca\/wp-json\/wp\/v2\/users\/99"}],"replies":[{"embeddable":true,"href":"https:\/\/www.jfortunyfabregas.com\/ca\/wp-json\/wp\/v2\/comments?post=11660"}],"version-history":[{"count":0,"href":"https:\/\/www.jfortunyfabregas.com\/ca\/wp-json\/wp\/v2\/pages\/11660\/revisions"}],"up":[{"embeddable":true,"href":"https:\/\/www.jfortunyfabregas.com\/ca\/wp-json\/wp\/v2\/pages\/11592"}],"wp:attachment":[{"href":"https:\/\/www.jfortunyfabregas.com\/ca\/wp-json\/wp\/v2\/media?parent=11660"}],"curies":[{"name":"wp","href":"https:\/\/api.w.org\/{rel}","templated":true}]}}